{"id":1336,"date":"2024-02-24T17:38:23","date_gmt":"2024-02-24T17:38:23","guid":{"rendered":"https:\/\/fisioterapiaduepuntozero.it\/?page_id=1336"},"modified":"2024-02-26T11:08:25","modified_gmt":"2024-02-26T11:08:25","slug":"protesi-danca-e-ginocchio","status":"publish","type":"page","link":"https:\/\/fisioterapiaduepuntozero.it\/?page_id=1336","title":{"rendered":"Protesi d&#8217;Anca e Ginocchio"},"content":{"rendered":"<div class=\"fusion-fullwidth fullwidth-box fusion-builder-row-1 fusion-flex-container nonhundred-percent-fullwidth non-hundred-percent-height-scrolling\" style=\"--awb-border-radius-top-left:0px;--awb-border-radius-top-right:0px;--awb-border-radius-bottom-right:0px;--awb-border-radius-bottom-left:0px;--awb-background-color:rgba(7,5,7,0);--awb-flex-wrap:wrap;\" ><div class=\"fusion-builder-row fusion-row fusion-flex-align-items-flex-start fusion-flex-content-wrap\" style=\"max-width:1216.8px;margin-left: calc(-4% \/ 2 );margin-right: calc(-4% \/ 2 );\"><div class=\"fusion-layout-column fusion_builder_column fusion-builder-column-0 fusion_builder_column_1_1 1_1 fusion-flex-column\" style=\"--awb-bg-size:cover;--awb-width-large:100%;--awb-margin-top-large:0px;--awb-spacing-right-large:1.92%;--awb-margin-bottom-large:0px;--awb-spacing-left-large:1.92%;--awb-width-medium:100%;--awb-spacing-right-medium:1.92%;--awb-spacing-left-medium:1.92%;--awb-width-small:100%;--awb-spacing-right-small:1.92%;--awb-spacing-left-small:1.92%;\"><div class=\"fusion-column-wrapper fusion-flex-justify-content-flex-start fusion-content-layout-column\"><div class=\"fusion-text fusion-text-1\"><\/p>\n<div id=\"attachment_1338\" style=\"width: 1034px\" class=\"wp-caption alignnone\"><img decoding=\"async\" aria-describedby=\"caption-attachment-1338\" class=\"lazyload size-large wp-image-1338\" src=\"https:\/\/fisioterapiaduepuntozero.it\/wp-content\/uploads\/2024\/02\/61156734_m-PTA-PTG-1024x683.jpg\" data-orig-src=\"https:\/\/fisioterapiaduepuntozero.it\/wp-content\/uploads\/2024\/02\/61156734_m-PTA-PTG-1024x683.jpg\" alt=\"\" width=\"1024\" height=\"683\" srcset=\"data:image\/svg+xml,%3Csvg%20xmlns%3D%27http%3A%2F%2Fwww.w3.org%2F2000%2Fsvg%27%20width%3D%271024%27%20height%3D%27683%27%20viewBox%3D%270%200%201024%20683%27%3E%3Crect%20width%3D%271024%27%20height%3D%27683%27%20fill-opacity%3D%220%22%2F%3E%3C%2Fsvg%3E\" data-srcset=\"https:\/\/fisioterapiaduepuntozero.it\/wp-content\/uploads\/2024\/02\/61156734_m-PTA-PTG-200x133.jpg 200w, https:\/\/fisioterapiaduepuntozero.it\/wp-content\/uploads\/2024\/02\/61156734_m-PTA-PTG-300x200.jpg 300w, https:\/\/fisioterapiaduepuntozero.it\/wp-content\/uploads\/2024\/02\/61156734_m-PTA-PTG-400x267.jpg 400w, https:\/\/fisioterapiaduepuntozero.it\/wp-content\/uploads\/2024\/02\/61156734_m-PTA-PTG-600x400.jpg 600w, https:\/\/fisioterapiaduepuntozero.it\/wp-content\/uploads\/2024\/02\/61156734_m-PTA-PTG-768x512.jpg 768w, https:\/\/fisioterapiaduepuntozero.it\/wp-content\/uploads\/2024\/02\/61156734_m-PTA-PTG-800x533.jpg 800w, https:\/\/fisioterapiaduepuntozero.it\/wp-content\/uploads\/2024\/02\/61156734_m-PTA-PTG-1024x683.jpg 1024w, https:\/\/fisioterapiaduepuntozero.it\/wp-content\/uploads\/2024\/02\/61156734_m-PTA-PTG-1200x800.jpg 1200w, https:\/\/fisioterapiaduepuntozero.it\/wp-content\/uploads\/2024\/02\/61156734_m-PTA-PTG-1536x1024.jpg 1536w\" data-sizes=\"auto\" data-orig-sizes=\"(max-width: 1024px) 100vw, 1024px\" \/><p id=\"caption-attachment-1338\" class=\"wp-caption-text\"><strong>I tempi qui di seguito riportati riguardano ci\u00f2 che si attua in Clinica San Francesco per i degenti sia in solvenza che con il SSN<\/strong><\/p><\/div>\n<p class=\"wp-block-paragraph\">In seguito a importanti alterazioni della cartilagine articolare la soluzione per poter tornare ad una vita attiva, con minime limitazioni, rimane la protesi di ginocchio (PTG) o di Anca (PTA) .<\/p>\n<p>La riabilitazione post chirurgica in genere avr\u00e0 una durata di 3 settimane, la prima settimana in reparto di Ortopedia, la 2a e 3a nel reparto di Riabilitazione Motoria, in casi di particolari necessit\u00e0 questi tempi potranno subire variazioni.<\/p>\n<p>In seconda giornata post operatoria il paziente verr\u00e0 fatto camminare con l\u2019ausilio di un deambulatore e guidato dal Fisioterapista, gli verranno insegnati alcuni semplici esercizi studiati per favorire la riduzione del dolore, migliorare la circolazione, prevenire il rischio di embolie, recuperare il tono muscolare.<\/p>\n<p>Se tutto andr\u00e0 bene in 3a giornata il paziente verr\u00e0 addestrato all\u2019uso dei bastoni canadesi per deambulare e gestirsi autonomamente, ovviamente il tutto sar\u00e0 adeguato alle capacit\u00e0 del soggetto, alcuni fattori possono variare i tempi standard in riabilitazione:<\/p>\n<ul>\n<li>et\u00e0 molto avanzata<\/li>\n<li>condizioni pregresse come altre menomazioni o disabilit\u00e0, patologie croniche<\/li>\n<li>Alterazioni cognitive : demenza, patologie psichiatriche<\/li>\n<\/ul>\n<p><img decoding=\"async\" class=\"lazyload size-fusion-800 wp-image-1339\" src=\"https:\/\/fisioterapiaduepuntozero.it\/wp-content\/uploads\/2024\/02\/87560741_m-MOB-GIN-800x533.jpg\" data-orig-src=\"https:\/\/fisioterapiaduepuntozero.it\/wp-content\/uploads\/2024\/02\/87560741_m-MOB-GIN-800x533.jpg\" alt=\"\" width=\"800\" height=\"533\" srcset=\"data:image\/svg+xml,%3Csvg%20xmlns%3D%27http%3A%2F%2Fwww.w3.org%2F2000%2Fsvg%27%20width%3D%27800%27%20height%3D%27533%27%20viewBox%3D%270%200%20800%20533%27%3E%3Crect%20width%3D%27800%27%20height%3D%27533%27%20fill-opacity%3D%220%22%2F%3E%3C%2Fsvg%3E\" data-srcset=\"https:\/\/fisioterapiaduepuntozero.it\/wp-content\/uploads\/2024\/02\/87560741_m-MOB-GIN-200x133.jpg 200w, https:\/\/fisioterapiaduepuntozero.it\/wp-content\/uploads\/2024\/02\/87560741_m-MOB-GIN-300x200.jpg 300w, https:\/\/fisioterapiaduepuntozero.it\/wp-content\/uploads\/2024\/02\/87560741_m-MOB-GIN-400x267.jpg 400w, https:\/\/fisioterapiaduepuntozero.it\/wp-content\/uploads\/2024\/02\/87560741_m-MOB-GIN-600x400.jpg 600w, https:\/\/fisioterapiaduepuntozero.it\/wp-content\/uploads\/2024\/02\/87560741_m-MOB-GIN-768x512.jpg 768w, https:\/\/fisioterapiaduepuntozero.it\/wp-content\/uploads\/2024\/02\/87560741_m-MOB-GIN-800x533.jpg 800w, https:\/\/fisioterapiaduepuntozero.it\/wp-content\/uploads\/2024\/02\/87560741_m-MOB-GIN-1024x683.jpg 1024w, https:\/\/fisioterapiaduepuntozero.it\/wp-content\/uploads\/2024\/02\/87560741_m-MOB-GIN-1200x800.jpg 1200w, https:\/\/fisioterapiaduepuntozero.it\/wp-content\/uploads\/2024\/02\/87560741_m-MOB-GIN-1536x1024.jpg 1536w\" data-sizes=\"auto\" data-orig-sizes=\"(max-width: 800px) 100vw, 800px\" \/><\/p>\n<p>Dalla seconda settimana il paziente viene trasferito nel reparto di riabilitazione motoria iniziando un programma riabilitativo specialistico.<\/p>\n<p>Il paziente avr\u00e0 2 trattamenti giornalieri, mattina e pomeriggio, con ununa fisioterapista, nei quali lavorer\u00e0:<\/p>\n<ul>\n<li>sulla diminuzione del dolore e del gonfiore dei tessuti<\/li>\n<li>recupero della escursione articolare (ROM)<\/li>\n<li>recupero del tono-trofismo muscolare<\/li>\n<li>apprendimento del uso dei bastoni canadesi per deambulare e fare le scale<\/li>\n<li>strategie e modalit\u00e0 per attendere alle attivit\u00e0 della vita quotidiana in convalescenza<\/li>\n<li>apprendimento degli esercizi da proseguire al domicilio<\/li>\n<\/ul>\n<p><img decoding=\"async\" class=\"lazyload size-fusion-800 wp-image-1340\" src=\"https:\/\/fisioterapiaduepuntozero.it\/wp-content\/uploads\/2024\/02\/56878866_m-Fisio-parallele-800x533.jpg\" data-orig-src=\"https:\/\/fisioterapiaduepuntozero.it\/wp-content\/uploads\/2024\/02\/56878866_m-Fisio-parallele-800x533.jpg\" alt=\"\" width=\"800\" height=\"533\" srcset=\"data:image\/svg+xml,%3Csvg%20xmlns%3D%27http%3A%2F%2Fwww.w3.org%2F2000%2Fsvg%27%20width%3D%27800%27%20height%3D%27533%27%20viewBox%3D%270%200%20800%20533%27%3E%3Crect%20width%3D%27800%27%20height%3D%27533%27%20fill-opacity%3D%220%22%2F%3E%3C%2Fsvg%3E\" data-srcset=\"https:\/\/fisioterapiaduepuntozero.it\/wp-content\/uploads\/2024\/02\/56878866_m-Fisio-parallele-200x133.jpg 200w, https:\/\/fisioterapiaduepuntozero.it\/wp-content\/uploads\/2024\/02\/56878866_m-Fisio-parallele-300x200.jpg 300w, https:\/\/fisioterapiaduepuntozero.it\/wp-content\/uploads\/2024\/02\/56878866_m-Fisio-parallele-400x267.jpg 400w, https:\/\/fisioterapiaduepuntozero.it\/wp-content\/uploads\/2024\/02\/56878866_m-Fisio-parallele-600x400.jpg 600w, https:\/\/fisioterapiaduepuntozero.it\/wp-content\/uploads\/2024\/02\/56878866_m-Fisio-parallele-768x512.jpg 768w, https:\/\/fisioterapiaduepuntozero.it\/wp-content\/uploads\/2024\/02\/56878866_m-Fisio-parallele-800x533.jpg 800w, https:\/\/fisioterapiaduepuntozero.it\/wp-content\/uploads\/2024\/02\/56878866_m-Fisio-parallele-1024x683.jpg 1024w, https:\/\/fisioterapiaduepuntozero.it\/wp-content\/uploads\/2024\/02\/56878866_m-Fisio-parallele-1200x800.jpg 1200w, https:\/\/fisioterapiaduepuntozero.it\/wp-content\/uploads\/2024\/02\/56878866_m-Fisio-parallele-1536x1024.jpg 1536w\" data-sizes=\"auto\" data-orig-sizes=\"(max-width: 800px) 100vw, 800px\" \/><\/p>\n<p>Circa dopo 40 giorni dall\u2019intervento il paziente avr\u00e0 una visita di controllo dove, una volta verificata la condizione del recupero, si decider\u00e0 se abbandonare l\u2019uso degli ausili per deambulare, verranno date le ultime indicazioni per il prosieguo del recupero, in genere a distanza di 3 \u2013 4 mesi il paziente avr\u00e0 completamente recuperato e potr\u00e0 tornare alla vita quotidiana senza pi\u00f9 dolore e reazioni infiammatorie che la condizione articolare compromessa generava.<\/p><\/p>\n<\/div><\/div><\/div><\/div><\/div><div class=\"fusion-fullwidth fullwidth-box fusion-builder-row-2 fusion-flex-container has-pattern-background has-mask-background nonhundred-percent-fullwidth non-hundred-percent-height-scrolling\" style=\"--awb-border-radius-top-left:0px;--awb-border-radius-top-right:0px;--awb-border-radius-bottom-right:0px;--awb-border-radius-bottom-left:0px;--awb-flex-wrap:wrap;\" ><div class=\"fusion-builder-row fusion-row fusion-flex-align-items-flex-start fusion-flex-content-wrap\" style=\"max-width:1216.8px;margin-left: calc(-4% \/ 2 );margin-right: calc(-4% \/ 2 );\"><div class=\"fusion-layout-column fusion_builder_column fusion-builder-column-1 fusion_builder_column_1_1 1_1 fusion-flex-column\" style=\"--awb-bg-size:cover;--awb-width-large:100%;--awb-margin-top-large:0px;--awb-spacing-right-large:1.92%;--awb-margin-bottom-large:30px;--awb-spacing-left-large:1.92%;--awb-width-medium:100%;--awb-order-medium:0;--awb-spacing-right-medium:1.92%;--awb-spacing-left-medium:1.92%;--awb-width-small:100%;--awb-order-small:0;--awb-spacing-right-small:1.92%;--awb-spacing-left-small:1.92%;\"><div class=\"fusion-column-wrapper fusion-column-has-shadow fusion-flex-justify-content-flex-start fusion-content-layout-column\"><div class=\"fusion-blog-shortcode fusion-blog-shortcode-1 fusion-blog-archive fusion-blog-layout-grid-wrapper fusion-blog-pagination\"><style type=\"text\/css\">.fusion-blog-shortcode-1 .fusion-blog-layout-grid .fusion-post-grid{padding:20px;}.fusion-blog-shortcode-1 .fusion-posts-container{margin-left: -20px !important; margin-right:-20px !important;}<\/style><div class=\"fusion-posts-container fusion-posts-container-pagination fusion-blog-rollover fusion-blog-layout-grid fusion-blog-layout-grid-3 isotope fusion-blog-layout-masonry\" data-pages=\"4\" data-grid-col-space=\"40\" style=\"margin: -20px -20px 0;min-height:500px;\"><article class=\"fusion-post-grid fusion-post-masonry post fusion-grid-sizer\"><\/article><article id=\"blog-1-post-1731\" class=\"fusion-post-masonry fusion-post-grid fusion-element-grid post-1731 post type-post status-publish format-standard has-post-thumbnail hentry category-linee-guida category-terapia-manuale\">\n<div class=\"fusion-post-wrapper\" style=\"background-color:var(--awb-color1);border:1px solid var(--awb-color3);border-bottom-width:3px;\"><div  class=\"fusion-masonry-element-container lazyload fusion-image-wrapper\" style=\"padding-top:calc((100% + 38px) * 0.8 - 20px);\" data-bg=\"https:\/\/fisioterapiaduepuntozero.it\/wp-content\/uploads\/2026\/06\/Fisio-Vs-Osteo.png\" aria-haspopup=\"true\">\n\t\t\t\t<img decoding=\"async\" width=\"1448\" height=\"1086\" src=\"https:\/\/fisioterapiaduepuntozero.it\/wp-content\/uploads\/2026\/06\/Fisio-Vs-Osteo.png\" class=\"attachment-full size-full lazyload wp-post-image\" alt=\"\" srcset=\"data:image\/svg+xml,%3Csvg%20xmlns%3D%27http%3A%2F%2Fwww.w3.org%2F2000%2Fsvg%27%20width%3D%271448%27%20height%3D%271086%27%20viewBox%3D%270%200%201448%201086%27%3E%3Crect%20width%3D%271448%27%20height%3D%271086%27%20fill-opacity%3D%220%22%2F%3E%3C%2Fsvg%3E\" data-orig-src=\"https:\/\/fisioterapiaduepuntozero.it\/wp-content\/uploads\/2026\/06\/Fisio-Vs-Osteo.png\" data-srcset=\"https:\/\/fisioterapiaduepuntozero.it\/wp-content\/uploads\/2026\/06\/Fisio-Vs-Osteo-200x150.png 200w, https:\/\/fisioterapiaduepuntozero.it\/wp-content\/uploads\/2026\/06\/Fisio-Vs-Osteo-400x300.png 400w, https:\/\/fisioterapiaduepuntozero.it\/wp-content\/uploads\/2026\/06\/Fisio-Vs-Osteo-600x450.png 600w, https:\/\/fisioterapiaduepuntozero.it\/wp-content\/uploads\/2026\/06\/Fisio-Vs-Osteo-800x600.png 800w, https:\/\/fisioterapiaduepuntozero.it\/wp-content\/uploads\/2026\/06\/Fisio-Vs-Osteo-1200x900.png 1200w, https:\/\/fisioterapiaduepuntozero.it\/wp-content\/uploads\/2026\/06\/Fisio-Vs-Osteo.png 1448w\" data-sizes=\"auto\" \/><div class=\"fusion-rollover\">\n\t<div class=\"fusion-rollover-content\">\n\n\t\t\t\t\t\t\t\t\t\t\t\t\t\t<a class=\"fusion-rollover-link\" href=\"https:\/\/fisioterapiaduepuntozero.it\/?p=1731\">Osteopatia professione sanitaria: riconoscimento, criticit\u00e0 e tutela del paziente<\/a>\n\t\t\t\n\t\t\t\t\t\t\t\t\t\t\t\t\t\t\n\t\t\t\t\t\t\t\t\n\t\t\t\t\t\t\t\t\t\t\t\t\t<div class=\"fusion-rollover-sep\"><\/div>\n\t\t\t\t\n\t\t\t\t\t\t\t\t\t\t\t\t\t\t\t\t\t\t<a class=\"fusion-rollover-gallery\" href=\"https:\/\/fisioterapiaduepuntozero.it\/wp-content\/uploads\/2026\/06\/Fisio-Vs-Osteo.png\" data-options=\"\" data-id=\"1731\" data-rel=\"iLightbox[gallery]\" data-title=\"Fisio Vs Osteo\" data-caption=\"\">\n\t\t\t\t\t\tGalleria\t\t\t\t\t<\/a>\n\t\t\t\t\t\t\t\t\t\t\t\t\t\t\n\t\t\n\t\t\t\t\t\t\t\t\n\t\t\t\t\t\t\t\t\n\t\t\n\t\t\t\t\t\t<a class=\"fusion-link-wrapper\" href=\"https:\/\/fisioterapiaduepuntozero.it\/?p=1731\" aria-label=\"Osteopatia professione sanitaria: riconoscimento, criticit\u00e0 e tutela del paziente\"><\/a>\n\t<\/div>\n<\/div>\n<\/div>\n<div class=\"fusion-post-content-wrapper\" style=\"padding:30px 25px 20px 25px;background-color:var(--awb-color1);\"><div class=\"fusion-post-content post-content\"><h2 class=\"blog-shortcode-post-title entry-title\"><a href=\"https:\/\/fisioterapiaduepuntozero.it\/?p=1731\">Osteopatia professione sanitaria: riconoscimento, criticit\u00e0 e tutela del paziente<\/a><\/h2><p class=\"fusion-single-line-meta\">By <span class=\"vcard\"><span class=\"fn\"><a href=\"https:\/\/fisioterapiaduepuntozero.it\/?author=6\" rel=\"author\">Massimiliano Sbergia<\/a><\/span><\/span><span class=\"fusion-inline-sep\">|<\/span><span class=\"updated\" style=\"display:none;\">2026-06-02T11:36:04+00:00<\/span><span>Giugno 2nd, 2026<\/span><span class=\"fusion-inline-sep\">|<\/span>Categories: <a href=\"https:\/\/fisioterapiaduepuntozero.it\/?cat=27\" rel=\"category\">Linee Guida<\/a>, <a href=\"https:\/\/fisioterapiaduepuntozero.it\/?cat=26\" rel=\"category\">Terapia Manuale<\/a><span class=\"fusion-inline-sep\">|<\/span><\/p><div class=\"fusion-post-content-container\"><p> Osteopatia professione sanitaria: riconoscimento, criticit\u00e0 e tutela del paziente[...]<\/p><\/div><\/div><div class=\"fusion-meta-info\"><div class=\"fusion-alignleft\"><a class=\"fusion-read-more\" href=\"https:\/\/fisioterapiaduepuntozero.it\/?p=1731\" aria-label=\"More on Osteopatia professione sanitaria: riconoscimento, criticit\u00e0 e tutela del paziente\">Read More<\/a><\/div><\/div><\/div><div class=\"fusion-clearfix\"><\/div><\/div>\n<\/article>\n<article id=\"blog-1-post-1725\" class=\"fusion-post-masonry fusion-post-grid fusion-element-landscape post-1725 post type-post status-publish format-standard has-post-thumbnail hentry category-linee-guida category-terapia-manuale\">\n<div class=\"fusion-post-wrapper\" style=\"background-color:var(--awb-color1);border:1px solid var(--awb-color3);border-bottom-width:3px;\"><div  class=\"fusion-masonry-element-container lazyload fusion-image-wrapper\" style=\"padding-top:calc((100% + 34px) * 0.4 - 20px);\" data-bg=\"https:\/\/fisioterapiaduepuntozero.it\/wp-content\/uploads\/2026\/05\/Fisio-empaty.png\" aria-haspopup=\"true\">\n\t\t\t\t<img decoding=\"async\" width=\"1672\" height=\"941\" src=\"https:\/\/fisioterapiaduepuntozero.it\/wp-content\/uploads\/2026\/05\/Fisio-empaty.png\" class=\"attachment-full size-full lazyload wp-post-image\" alt=\"\" srcset=\"data:image\/svg+xml,%3Csvg%20xmlns%3D%27http%3A%2F%2Fwww.w3.org%2F2000%2Fsvg%27%20width%3D%271672%27%20height%3D%27941%27%20viewBox%3D%270%200%201672%20941%27%3E%3Crect%20width%3D%271672%27%20height%3D%27941%27%20fill-opacity%3D%220%22%2F%3E%3C%2Fsvg%3E\" data-orig-src=\"https:\/\/fisioterapiaduepuntozero.it\/wp-content\/uploads\/2026\/05\/Fisio-empaty.png\" data-srcset=\"https:\/\/fisioterapiaduepuntozero.it\/wp-content\/uploads\/2026\/05\/Fisio-empaty-200x113.png 200w, https:\/\/fisioterapiaduepuntozero.it\/wp-content\/uploads\/2026\/05\/Fisio-empaty-400x225.png 400w, https:\/\/fisioterapiaduepuntozero.it\/wp-content\/uploads\/2026\/05\/Fisio-empaty-600x338.png 600w, https:\/\/fisioterapiaduepuntozero.it\/wp-content\/uploads\/2026\/05\/Fisio-empaty-800x450.png 800w, https:\/\/fisioterapiaduepuntozero.it\/wp-content\/uploads\/2026\/05\/Fisio-empaty-1200x675.png 1200w, https:\/\/fisioterapiaduepuntozero.it\/wp-content\/uploads\/2026\/05\/Fisio-empaty.png 1672w\" data-sizes=\"auto\" \/><div class=\"fusion-rollover\">\n\t<div class=\"fusion-rollover-content\">\n\n\t\t\t\t\t\t\t\t\t\t\t\t\t\t<a class=\"fusion-rollover-link\" href=\"https:\/\/fisioterapiaduepuntozero.it\/?p=1725\">Oltre la \u201cvertebra fuori posto\u201d<\/a>\n\t\t\t\n\t\t\t\t\t\t\t\t\t\t\t\t\t\t\n\t\t\t\t\t\t\t\t\n\t\t\t\t\t\t\t\t\t\t\t\t\t<div class=\"fusion-rollover-sep\"><\/div>\n\t\t\t\t\n\t\t\t\t\t\t\t\t\t\t\t\t\t\t\t\t\t\t<a class=\"fusion-rollover-gallery\" href=\"https:\/\/fisioterapiaduepuntozero.it\/wp-content\/uploads\/2026\/05\/Fisio-empaty.png\" data-options=\"\" data-id=\"1725\" data-rel=\"iLightbox[gallery]\" data-title=\"Fisio empaty\" data-caption=\"\">\n\t\t\t\t\t\tGalleria\t\t\t\t\t<\/a>\n\t\t\t\t\t\t\t\t\t\t\t\t\t\t\n\t\t\n\t\t\t\t\t\t\t\t\n\t\t\t\t\t\t\t\t\n\t\t\n\t\t\t\t\t\t<a class=\"fusion-link-wrapper\" href=\"https:\/\/fisioterapiaduepuntozero.it\/?p=1725\" aria-label=\"Oltre la \u201cvertebra fuori posto\u201d\"><\/a>\n\t<\/div>\n<\/div>\n<\/div>\n<div class=\"fusion-post-content-wrapper\" style=\"padding:30px 25px 20px 25px;background-color:var(--awb-color1);\"><div class=\"fusion-post-content post-content\"><h2 class=\"blog-shortcode-post-title entry-title\"><a href=\"https:\/\/fisioterapiaduepuntozero.it\/?p=1725\">Oltre la \u201cvertebra fuori posto\u201d<\/a><\/h2><p class=\"fusion-single-line-meta\">By <span class=\"vcard\"><span class=\"fn\"><a href=\"https:\/\/fisioterapiaduepuntozero.it\/?author=6\" rel=\"author\">Massimiliano Sbergia<\/a><\/span><\/span><span class=\"fusion-inline-sep\">|<\/span><span class=\"updated\" style=\"display:none;\">2026-05-20T08:05:42+00:00<\/span><span>Maggio 20th, 2026<\/span><span class=\"fusion-inline-sep\">|<\/span>Categories: <a href=\"https:\/\/fisioterapiaduepuntozero.it\/?cat=27\" rel=\"category\">Linee Guida<\/a>, <a href=\"https:\/\/fisioterapiaduepuntozero.it\/?cat=26\" rel=\"category\">Terapia Manuale<\/a><span class=\"fusion-inline-sep\">|<\/span><\/p><div class=\"fusion-post-content-container\"><p> Oltre la \u201cvertebra fuori posto\u201d: terapia manuale, evidenze e[...]<\/p><\/div><\/div><div class=\"fusion-meta-info\"><div class=\"fusion-alignleft\"><a class=\"fusion-read-more\" href=\"https:\/\/fisioterapiaduepuntozero.it\/?p=1725\" aria-label=\"More on Oltre la \u201cvertebra fuori posto\u201d\">Read More<\/a><\/div><\/div><\/div><div class=\"fusion-clearfix\"><\/div><\/div>\n<\/article>\n<article id=\"blog-1-post-1721\" class=\"fusion-post-masonry fusion-post-grid fusion-element-landscape post-1721 post type-post status-publish format-standard has-post-thumbnail hentry category-uncategorized\">\n<div class=\"fusion-post-wrapper\" style=\"background-color:var(--awb-color1);border:1px solid var(--awb-color3);border-bottom-width:3px;\"><div  class=\"fusion-masonry-element-container lazyload fusion-image-wrapper\" style=\"padding-top:calc((100% + 34px) * 0.4 - 20px);\" data-bg=\"https:\/\/fisioterapiaduepuntozero.it\/wp-content\/uploads\/2026\/05\/fisio-explain.png\" aria-haspopup=\"true\">\n\t\t\t\t<img decoding=\"async\" width=\"1672\" height=\"941\" src=\"https:\/\/fisioterapiaduepuntozero.it\/wp-content\/uploads\/2026\/05\/fisio-explain.png\" class=\"attachment-full size-full lazyload wp-post-image\" alt=\"\" srcset=\"data:image\/svg+xml,%3Csvg%20xmlns%3D%27http%3A%2F%2Fwww.w3.org%2F2000%2Fsvg%27%20width%3D%271672%27%20height%3D%27941%27%20viewBox%3D%270%200%201672%20941%27%3E%3Crect%20width%3D%271672%27%20height%3D%27941%27%20fill-opacity%3D%220%22%2F%3E%3C%2Fsvg%3E\" data-orig-src=\"https:\/\/fisioterapiaduepuntozero.it\/wp-content\/uploads\/2026\/05\/fisio-explain.png\" data-srcset=\"https:\/\/fisioterapiaduepuntozero.it\/wp-content\/uploads\/2026\/05\/fisio-explain-200x113.png 200w, https:\/\/fisioterapiaduepuntozero.it\/wp-content\/uploads\/2026\/05\/fisio-explain-400x225.png 400w, https:\/\/fisioterapiaduepuntozero.it\/wp-content\/uploads\/2026\/05\/fisio-explain-600x338.png 600w, https:\/\/fisioterapiaduepuntozero.it\/wp-content\/uploads\/2026\/05\/fisio-explain-800x450.png 800w, https:\/\/fisioterapiaduepuntozero.it\/wp-content\/uploads\/2026\/05\/fisio-explain-1200x675.png 1200w, https:\/\/fisioterapiaduepuntozero.it\/wp-content\/uploads\/2026\/05\/fisio-explain.png 1672w\" data-sizes=\"auto\" \/><div class=\"fusion-rollover\">\n\t<div class=\"fusion-rollover-content\">\n\n\t\t\t\t\t\t\t\t\t\t\t\t\t\t<a class=\"fusion-rollover-link\" href=\"https:\/\/fisioterapiaduepuntozero.it\/?p=1721\">FB #1721<\/a>\n\t\t\t\n\t\t\t\t\t\t\t\t\t\t\t\t\t\t\n\t\t\t\t\t\t\t\t\n\t\t\t\t\t\t\t\t\t\t\t\t\t<div class=\"fusion-rollover-sep\"><\/div>\n\t\t\t\t\n\t\t\t\t\t\t\t\t\t\t\t\t\t\t\t\t\t\t<a class=\"fusion-rollover-gallery\" href=\"https:\/\/fisioterapiaduepuntozero.it\/wp-content\/uploads\/2026\/05\/fisio-explain.png\" data-options=\"\" data-id=\"1721\" data-rel=\"iLightbox[gallery]\" data-title=\"fisio explain\" data-caption=\"\">\n\t\t\t\t\t\tGalleria\t\t\t\t\t<\/a>\n\t\t\t\t\t\t\t\t\t\t\t\t\t\t\n\t\t\n\t\t\t\t\t\t\t\t\n\t\t\t\t\t\t\t\t\n\t\t\n\t\t\t\t\t\t<a class=\"fusion-link-wrapper\" href=\"https:\/\/fisioterapiaduepuntozero.it\/?p=1721\" aria-label=\"FB #1721\"><\/a>\n\t<\/div>\n<\/div>\n<\/div>\n<div class=\"fusion-post-content-wrapper\" style=\"padding:30px 25px 20px 25px;background-color:var(--awb-color1);\"><div class=\"fusion-post-content post-content\"><h2 class=\"blog-shortcode-post-title entry-title\"><a href=\"https:\/\/fisioterapiaduepuntozero.it\/?p=1721\">FB #1721<\/a><\/h2><p class=\"fusion-single-line-meta\">By <span class=\"vcard\"><span class=\"fn\"><a href=\"https:\/\/fisioterapiaduepuntozero.it\/?author=6\" rel=\"author\">Massimiliano Sbergia<\/a><\/span><\/span><span class=\"fusion-inline-sep\">|<\/span><span class=\"updated\" style=\"display:none;\">2026-05-13T10:01:08+00:00<\/span><span>Maggio 13th, 2026<\/span><span class=\"fusion-inline-sep\">|<\/span>Categories: <a href=\"https:\/\/fisioterapiaduepuntozero.it\/?cat=1\" rel=\"category\">Uncategorized<\/a><span class=\"fusion-inline-sep\">|<\/span><\/p><div class=\"fusion-post-content-container\"><p> Superare la \u201cmanovra magica\u201d: verso una riabilitazione pi\u00f9 evoluta,[...]<\/p><\/div><\/div><div class=\"fusion-meta-info\"><div class=\"fusion-alignleft\"><a class=\"fusion-read-more\" href=\"https:\/\/fisioterapiaduepuntozero.it\/?p=1721\" aria-label=\"More on FB #1721\">Read More<\/a><\/div><\/div><\/div><div class=\"fusion-clearfix\"><\/div><\/div>\n<\/article>\n<div class=\"fusion-clearfix\"><\/div><\/div><div class=\"pagination clearfix\"><span class=\"current\">1<\/span><a href=\"https:\/\/fisioterapiaduepuntozero.it\/index.php?rest_route=%2Fwp%2Fv2%2Fpages%2F1336&#038;paged=2\" class=\"inactive\">2<\/a><a class=\"pagination-next\" rel=\"next\" href=\"https:\/\/fisioterapiaduepuntozero.it\/index.php?rest_route=%2Fwp%2Fv2%2Fpages%2F1336&#038;paged=2\"><span class=\"page-text\">Prossimo<\/span><span class=\"page-next\"><\/span><\/a><\/div><div class=\"fusion-clearfix\"><\/div><\/div><\/div><\/div><\/div><\/div>","protected":false},"excerpt":{"rendered":"","protected":false},"author":1,"featured_media":0,"parent":0,"menu_order":0,"comment_status":"closed","ping_status":"closed","template":"","meta":{"footnotes":""},"class_list":["post-1336","page","type-page","status-publish","hentry"],"_links":{"self":[{"href":"https:\/\/fisioterapiaduepuntozero.it\/index.php?rest_route=\/wp\/v2\/pages\/1336","targetHints":{"allow":["GET"]}}],"collection":[{"href":"https:\/\/fisioterapiaduepuntozero.it\/index.php?rest_route=\/wp\/v2\/pages"}],"about":[{"href":"https:\/\/fisioterapiaduepuntozero.it\/index.php?rest_route=\/wp\/v2\/types\/page"}],"author":[{"embeddable":true,"href":"https:\/\/fisioterapiaduepuntozero.it\/index.php?rest_route=\/wp\/v2\/users\/1"}],"replies":[{"embeddable":true,"href":"https:\/\/fisioterapiaduepuntozero.it\/index.php?rest_route=%2Fwp%2Fv2%2Fcomments&post=1336"}],"version-history":[{"count":6,"href":"https:\/\/fisioterapiaduepuntozero.it\/index.php?rest_route=\/wp\/v2\/pages\/1336\/revisions"}],"predecessor-version":[{"id":1376,"href":"https:\/\/fisioterapiaduepuntozero.it\/index.php?rest_route=\/wp\/v2\/pages\/1336\/revisions\/1376"}],"wp:attachment":[{"href":"https:\/\/fisioterapiaduepuntozero.it\/index.php?rest_route=%2Fwp%2Fv2%2Fmedia&parent=1336"}],"curies":[{"name":"wp","href":"https:\/\/api.w.org\/{rel}","templated":true}]}}