{"id":1189,"date":"2024-02-04T16:53:29","date_gmt":"2024-02-04T16:53:29","guid":{"rendered":"https:\/\/fisioterapiaduepuntozero.it\/?page_id=1189"},"modified":"2024-02-26T11:11:12","modified_gmt":"2024-02-26T11:11:12","slug":"disfunzioni-cervicali","status":"publish","type":"page","link":"https:\/\/fisioterapiaduepuntozero.it\/?page_id=1189","title":{"rendered":"Disfunzioni Cervicali"},"content":{"rendered":"<div class=\"fusion-fullwidth fullwidth-box fusion-builder-row-1 fusion-flex-container nonhundred-percent-fullwidth non-hundred-percent-height-scrolling\" style=\"--awb-border-radius-top-left:0px;--awb-border-radius-top-right:0px;--awb-border-radius-bottom-right:0px;--awb-border-radius-bottom-left:0px;--awb-background-color:rgba(7,5,7,0);--awb-flex-wrap:wrap;\" ><div class=\"fusion-builder-row fusion-row fusion-flex-align-items-flex-start fusion-flex-justify-content-center fusion-flex-content-wrap\" style=\"max-width:1216.8px;margin-left: calc(-4% \/ 2 );margin-right: calc(-4% \/ 2 );\"><div class=\"fusion-layout-column fusion_builder_column fusion-builder-column-0 fusion_builder_column_1_1 1_1 fusion-flex-column\" style=\"--awb-bg-size:cover;--awb-width-large:100%;--awb-margin-top-large:0px;--awb-spacing-right-large:1.92%;--awb-margin-bottom-large:0px;--awb-spacing-left-large:1.92%;--awb-width-medium:100%;--awb-spacing-right-medium:1.92%;--awb-spacing-left-medium:1.92%;--awb-width-small:100%;--awb-spacing-right-small:1.92%;--awb-spacing-left-small:1.92%;\"><div class=\"fusion-column-wrapper fusion-flex-justify-content-center fusion-content-layout-column\"><div class=\"fusion-image-element \" style=\"--awb-margin-top:0px;--awb-margin-bottom:0px;--awb-caption-title-font-family:var(--h2_typography-font-family);--awb-caption-title-font-weight:var(--h2_typography-font-weight);--awb-caption-title-font-style:var(--h2_typography-font-style);--awb-caption-title-size:var(--h2_typography-font-size);--awb-caption-title-transform:var(--h2_typography-text-transform);--awb-caption-title-line-height:var(--h2_typography-line-height);--awb-caption-title-letter-spacing:var(--h2_typography-letter-spacing);\"><span class=\" fusion-imageframe imageframe-none imageframe-1 hover-type-none fusion-animated\" data-animationType=\"fadeInDown\" data-animationDuration=\"0.6\" data-animationOffset=\"top-into-view\"><img decoding=\"async\" width=\"940\" height=\"788\" title=\"2\" src=\"https:\/\/fisioterapiaduepuntozero.it\/wp-content\/uploads\/2024\/02\/2.png\" data-orig-src=\"https:\/\/fisioterapiaduepuntozero.it\/wp-content\/uploads\/2024\/02\/2.png\" alt class=\"lazyload img-responsive wp-image-1201\" srcset=\"data:image\/svg+xml,%3Csvg%20xmlns%3D%27http%3A%2F%2Fwww.w3.org%2F2000%2Fsvg%27%20width%3D%27940%27%20height%3D%27788%27%20viewBox%3D%270%200%20940%20788%27%3E%3Crect%20width%3D%27940%27%20height%3D%27788%27%20fill-opacity%3D%220%22%2F%3E%3C%2Fsvg%3E\" data-srcset=\"https:\/\/fisioterapiaduepuntozero.it\/wp-content\/uploads\/2024\/02\/2-200x168.png 200w, https:\/\/fisioterapiaduepuntozero.it\/wp-content\/uploads\/2024\/02\/2-400x335.png 400w, https:\/\/fisioterapiaduepuntozero.it\/wp-content\/uploads\/2024\/02\/2-600x503.png 600w, https:\/\/fisioterapiaduepuntozero.it\/wp-content\/uploads\/2024\/02\/2-800x671.png 800w, https:\/\/fisioterapiaduepuntozero.it\/wp-content\/uploads\/2024\/02\/2.png 940w\" data-sizes=\"auto\" data-orig-sizes=\"(max-width: 1024px) 100vw, (max-width: 640px) 100vw, 940px\" \/><\/span><\/div><div class=\"fusion-text fusion-text-1\"><\/p>\n<p class=\"wp-block-paragraph\"><b>Il dolore alla cervicale \u00e8 una condizione comunemente riscontrata nella societ\u00e0 moderna, con il 30-50% delle persone che mediamente <span style=\"font-family: var(--awb-text-font-family); font-size: var(--awb-font-size); font-style: var(--awb-text-font-style); letter-spacing: var(--awb-letter-spacing); text-align: var(--awb-content-alignment); text-transform: var(--awb-text-transform);\">soffrono di dolore alla cervicale in un anno specifico. <\/span><\/b><\/p>\n<p><span style=\"font-family: var(--awb-text-font-family); font-size: var(--awb-font-size); font-style: var(--awb-text-font-style); letter-spacing: var(--awb-letter-spacing); text-align: var(--awb-content-alignment); text-transform: var(--awb-text-transform);\">Uno studio ha riportato che l\u2019incidenza annuale del dolore alla cervicale nella popolazione media era del 29-40% [1]. <\/span><span style=\"font-family: var(--awb-text-font-family); font-size: var(--awb-font-size); font-style: var(--awb-text-font-style); letter-spacing: var(--awb-letter-spacing); text-align: var(--awb-content-alignment); text-transform: var(--awb-text-transform);\">In alcuni gruppi professionali, la prevalenza annuale \u00e8 risultata pari al 54-76% [2]. Inoltre, il dolore alla cervicale \u00e8 stato il quarto motivo principale di disabilit\u00e0 [3] <\/span><\/p>\n<p><span style=\"font-family: var(--awb-text-font-family); font-size: var(--awb-font-size); font-style: var(--awb-text-font-style); letter-spacing: var(--awb-letter-spacing); text-align: var(--awb-content-alignment); text-transform: var(--awb-text-transform);\"><b>Il dolore alla cervicale ha un impatto negativo sul tenore di vita<\/b> dei pazienti e riduce direttamente la loro capacit\u00e0 di partecipare ad attivit\u00e0 sociali e lavorative, aumentando ulteriormente il peso associato a questa condizione [4-12].<\/span><\/p>\n<p><b><span style=\"font-family: var(--awb-text-font-family); font-size: var(--awb-font-size); font-style: var(--awb-text-font-style); letter-spacing: var(--awb-letter-spacing); text-align: var(--awb-content-alignment); text-transform: var(--awb-text-transform);\"><\/span><span style=\"font-family: var(--awb-text-font-family); font-size: var(--awb-font-size); font-style: var(--awb-text-font-style); letter-spacing: var(--awb-letter-spacing); text-align: var(--awb-content-alignment); text-transform: var(--awb-text-transform);\">La ricerca ha scoperto che il dolore alla cervicale \u00e8 comunemente presente tra i giovani impiegati e coloro che usano il computer al lavoro [16]. <\/span><\/b><\/p>\n<p><span style=\"font-family: var(--awb-text-font-family); font-size: var(--awb-font-size); font-style: var(--awb-text-font-style); letter-spacing: var(--awb-letter-spacing); text-align: var(--awb-content-alignment); text-transform: var(--awb-text-transform);\">Alcuni studi hanno riportato una correlazione positiva tra dolore al collo e fattori di rischio legati al lavoro come la flessione del collo e del tronco, la postura delle braccia, la postura di lavoro sedentario e la durata della postura seduta, e la progettazione del posto di lavoro [17]. <\/span><\/p>\n<p><span style=\"font-family: var(--awb-text-font-family); font-size: var(--awb-font-size); font-style: var(--awb-text-font-style); letter-spacing: var(--awb-letter-spacing); text-align: var(--awb-content-alignment); text-transform: var(--awb-text-transform);\">In studi precedenti, fattori psicologici (stress, ansia, sonno e fattori cognitivi) e fattori biologici (malattie immunitarie preesistenti, malattie neuroscheletriche, invecchiamento ed ereditariet\u00e0) sono considerati fattori di rischio per il dolore al collo [18-20]. <b>Il dolore al cervicale ha un alto tasso di incidenza ed \u00e8 soggetto a recidive<\/b>, il che comporta un grande carico di malattia ed \u00e8 un problema di salute pubblica a livello mondiale. (Courtesy of <\/span><span style=\"font-family: var(--awb-text-font-family); font-size: var(--awb-font-size); font-style: var(--awb-text-font-style); letter-spacing: var(--awb-letter-spacing); text-align: var(--awb-content-alignment); text-transform: var(--awb-text-transform);\">ORTHOPEDICS AND TRAUMATOLOGY \/ PUBLIC HEALTH <\/span><span style=\"font-family: var(--awb-text-font-family); font-size: var(--awb-font-size); font-style: var(--awb-text-font-style); letter-spacing: var(--awb-letter-spacing); text-align: var(--awb-content-alignment); text-transform: var(--awb-text-transform);\">Global burden of neck pain in 204 countries from 1990\u20132019 <\/span><span style=\"font-family: var(--awb-text-font-family); font-size: var(--awb-font-size); font-style: var(--awb-text-font-style); letter-spacing: var(--awb-letter-spacing); text-align: var(--awb-content-alignment); text-transform: var(--awb-text-transform);\">Yongfu Li, <\/span><span style=\"font-family: var(--awb-text-font-family); font-size: var(--awb-font-size); font-style: var(--awb-text-font-style); letter-spacing: var(--awb-letter-spacing); text-align: var(--awb-content-alignment); text-transform: var(--awb-text-transform);\">Shunan Zhang, <\/span><span style=\"font-family: var(--awb-text-font-family); font-size: var(--awb-font-size); font-style: var(--awb-text-font-style); letter-spacing: var(--awb-letter-spacing); text-align: var(--awb-content-alignment); text-transform: var(--awb-text-transform);\">Peng Shu )<\/span><\/p>\n<p><b>Diagnosi e classificazione dei pazienti con dolore Cervicale<\/b><\/p>\n<p>Segni clinici come limitazioni del movimento nelle regioni cervicale e toracica superiore, mal di testa, dolore riferito agli arti superiori e risultati di test speciali possono essere utili per classificare un paziente in una delle seguenti categorie Classificazione statistica internazionale delle malattie e problemi di salute correlati (ICD):<\/p>\n<p><b>I. ICD- Cervicalgia \/ ICF- dolore con difficolt\u00e0 motorie<\/b><\/p>\n<p><b>II. ICD- Mal di testa o sindrome cervico-cranica \/ ICF- Dolore al collo con mal di testa<\/b><b style=\"font-family: var(--awb-text-font-family); font-size: var(--awb-font-size); font-style: var(--awb-text-font-style); letter-spacing: var(--awb-letter-spacing); text-align: var(--awb-content-alignment); text-transform: var(--awb-text-transform);\">al collo con disturbi della coordinazione del movimento<\/b><\/p>\n<p><b>IV. ICD \u2013 Spondilosi (artrosi corpi vertebrali) con radicolopatia o disturbo del disco cervicale con radicolopatia \/ ICF &#8211; Dolore al collo con dolore irradiato<\/b><\/p>\n<p><i>Alcuni<\/i><b><i> <\/i>fattori di rischio<\/b> hanno dimostrato di predisporre un paziente al dolore cronico al collo e dovrebbero essere considerati da un medico durante l&#8217;esame iniziale. Questi fattori di rischio includono :<\/p>\n<p><b>III. ICD &#8211; Distorsione e stiramento del rachide cervicale \/ ICF &#8211; <\/b><b style=\"font-family: var(--awb-text-font-family); font-size: var(--awb-font-size); font-style: var(--awb-text-font-style); letter-spacing: var(--awb-letter-spacing); text-align: var(--awb-content-alignment); text-transform: var(--awb-text-transform);\">Dolore <\/b><\/p>\n<ul>\n<li><span style=\"font-family: var(--awb-text-font-family); font-size: var(--awb-font-size); font-style: var(--awb-text-font-style); letter-spacing: var(--awb-letter-spacing); text-align: var(--awb-content-alignment); text-transform: var(--awb-text-transform);\">Et\u00e0&gt; 40 anni.<\/span><\/li>\n<li><span style=\"font-family: var(--awb-text-font-family); font-size: var(--awb-font-size); font-style: var(--awb-text-font-style); letter-spacing: var(--awb-letter-spacing); text-align: var(--awb-content-alignment); text-transform: var(--awb-text-transform);\">Lombalgia coesistente<\/span><\/li>\n<li><span style=\"font-family: var(--awb-text-font-family); font-size: var(--awb-font-size); font-style: var(--awb-text-font-style); letter-spacing: var(--awb-letter-spacing); text-align: var(--awb-content-alignment); text-transform: var(--awb-text-transform);\">Storia di dolore al collo<\/span><\/li>\n<li><span style=\"font-family: var(--awb-text-font-family); font-size: var(--awb-font-size); font-style: var(--awb-text-font-style); letter-spacing: var(--awb-letter-spacing); text-align: var(--awb-content-alignment); text-transform: var(--awb-text-transform);\">Ciclismo frequente<\/span><\/li>\n<li><span style=\"font-family: var(--awb-text-font-family); font-size: var(--awb-font-size); font-style: var(--awb-text-font-style); letter-spacing: var(--awb-letter-spacing); text-align: var(--awb-content-alignment); text-transform: var(--awb-text-transform);\">Perdita di forza nelle mani<\/span><\/li>\n<li><span style=\"font-family: var(--awb-text-font-family); font-size: var(--awb-font-size); font-style: var(--awb-text-font-style); letter-spacing: var(--awb-letter-spacing); text-align: var(--awb-content-alignment); text-transform: var(--awb-text-transform);\">Atteggiamento catastrofista<\/span><\/li>\n<li><span style=\"font-family: var(--awb-text-font-family); font-size: var(--awb-font-size); font-style: var(--awb-text-font-style); letter-spacing: var(--awb-letter-spacing); text-align: var(--awb-content-alignment); text-transform: var(--awb-text-transform);\">Scarsa qualit\u00e0 della vita<\/span><\/li>\n<li><span style=\"font-family: var(--awb-text-font-family); font-size: var(--awb-font-size); font-style: var(--awb-text-font-style); letter-spacing: var(--awb-letter-spacing); text-align: var(--awb-content-alignment); text-transform: var(--awb-text-transform);\">Diminuzione della vitalit\u00e0<\/span><\/li>\n<\/ul>\n<p>Riferimento : https:\/\/www.physio-pedia.com\/Neck_Pain:_Clinical_Practice_Guidelines<\/p>\n<p>Bibliografia:<\/p>\n<p>1.<span style=\"font-family: var(--awb-text-font-family); font-size: var(--awb-font-size); font-style: var(--awb-text-font-style); letter-spacing: var(--awb-letter-spacing); text-align: var(--awb-content-alignment); text-transform: var(--awb-text-transform);\">Safiri S, Kolahi AA, Hoy D, et al. Global, regional, and national burden of neck pain in the general population, 1990\u20132017: systematic analysis of the global burden of disease study 2017. BMJ 2020; 368: m791.<\/span><\/p>\n<\/p>\n<p>2.<span style=\"font-family: var(--awb-text-font-family); font-size: var(--awb-font-size); font-style: var(--awb-text-font-style); letter-spacing: var(--awb-letter-spacing); text-align: var(--awb-content-alignment); text-transform: var(--awb-text-transform);\">Shin DW, Shin JI, Koyanagi A, et al. Global, regional, and national neck pain burden in the general population, 1990\u20132019: an analysis of the global burden of disease study 2019. Front Neurol 2022; 13: 955367.<\/span><\/p>\n<\/p>\n<p>3.<span style=\"font-family: var(--awb-text-font-family); font-size: var(--awb-font-size); font-style: var(--awb-text-font-style); letter-spacing: var(--awb-letter-spacing); text-align: var(--awb-content-alignment); text-transform: var(--awb-text-transform);\">Dieleman JL, Cao J, Chapin A, et al. US Health care spending by payer and health condition, 1996\u20132016. JAMA 2020; 323: 863-84.<\/span><\/p>\n<p><span style=\"font-family: var(--awb-text-font-family); font-size: var(--awb-font-size); font-style: var(--awb-text-font-style); letter-spacing: var(--awb-letter-spacing); text-align: var(--awb-content-alignment); text-transform: var(--awb-text-transform);\">4.<\/span><span style=\"font-family: var(--awb-text-font-family); font-size: var(--awb-font-size); font-style: var(--awb-text-font-style); letter-spacing: var(--awb-letter-spacing); text-align: var(--awb-content-alignment); text-transform: var(--awb-text-transform);\">de Melo Castro Deligne L, Rocha MCB, Malta DC, et al. The burden of neck pain in Brazil: estimates from the global burden of disease study 2019. BMC Musculoskel Disord 2021; 22: 811.<\/span><\/p>\n<p><span style=\"font-family: var(--awb-text-font-family); font-size: var(--awb-font-size); font-style: var(--awb-text-font-style); letter-spacing: var(--awb-letter-spacing); text-align: var(--awb-content-alignment); text-transform: var(--awb-text-transform);\">5.<\/span><span style=\"font-family: var(--awb-text-font-family); font-size: var(--awb-font-size); font-style: var(--awb-text-font-style); letter-spacing: var(--awb-letter-spacing); text-align: var(--awb-content-alignment); text-transform: var(--awb-text-transform);\">Chen S, Chen M, Wu X, et al. Global, regional and national burden of low back pain 1990\u20132019: A systematic analysis of the Global Burden of Disease study 2019. J Orthopaed Transl 2022; 32: 49-58.<\/span><\/p>\n<p><span style=\"font-family: var(--awb-text-font-family); font-size: var(--awb-font-size); font-style: var(--awb-text-font-style); letter-spacing: var(--awb-letter-spacing); text-align: var(--awb-content-alignment); text-transform: var(--awb-text-transform);\">6.<\/span><span style=\"font-family: var(--awb-text-font-family); font-size: var(--awb-font-size); font-style: var(--awb-text-font-style); letter-spacing: var(--awb-letter-spacing); text-align: var(--awb-content-alignment); text-transform: var(--awb-text-transform);\">Guan SY, Zheng JX, Sam NB, et al. Global burden and risk factors of musculoskeletal disorders among adolescents and young adults in 204 countries and territories, 1990\u20132019. Autoimmun Rev 2023; 22: 103361.<\/span><\/p>\n<p><span style=\"font-family: var(--awb-text-font-family); font-size: var(--awb-font-size); font-style: var(--awb-text-font-style); letter-spacing: var(--awb-letter-spacing); text-align: var(--awb-content-alignment); text-transform: var(--awb-text-transform);\">7.<\/span><span style=\"font-family: var(--awb-text-font-family); font-size: var(--awb-font-size); font-style: var(--awb-text-font-style); letter-spacing: var(--awb-letter-spacing); text-align: var(--awb-content-alignment); text-transform: var(--awb-text-transform);\">Ahmed SA, Shantharam G, Eltorai AE, Hartnett DA, Goodman A, Daniels AH. The effect of psychosocial measures of resilience and self-efficacy in patients with neck and lower back pain. Spine J 2019; 19: 232-7.<\/span><\/p>\n<p><span style=\"font-family: var(--awb-text-font-family); font-size: var(--awb-font-size); font-style: var(--awb-text-font-style); letter-spacing: var(--awb-letter-spacing); text-align: var(--awb-content-alignment); text-transform: var(--awb-text-transform);\">8.<\/span><span style=\"font-family: var(--awb-text-font-family); font-size: var(--awb-font-size); font-style: var(--awb-text-font-style); letter-spacing: var(--awb-letter-spacing); text-align: var(--awb-content-alignment); text-transform: var(--awb-text-transform);\">Chen S, Liu S, Ma K, Zhao L, Lin H, Shao Z. TGF-beta signaling in intervertebral disc health and disease. Osteoarthritis Cartilage 2019; 27: 1109-17.<\/span><\/p>\n<p><span style=\"font-family: var(--awb-text-font-family); font-size: var(--awb-font-size); font-style: var(--awb-text-font-style); letter-spacing: var(--awb-letter-spacing); text-align: var(--awb-content-alignment); text-transform: var(--awb-text-transform);\">9.<\/span><span style=\"font-family: var(--awb-text-font-family); font-size: var(--awb-font-size); font-style: var(--awb-text-font-style); letter-spacing: var(--awb-letter-spacing); text-align: var(--awb-content-alignment); text-transform: var(--awb-text-transform);\">Collaborators GDaI. Global burden of 369 diseases and injuries in 204 countries and territories, 1990\u20132019: a systematic analysis for the global burden of disease study 2019. Lancet 2020; 396: 1204-22.<\/span><\/p>\n<p><span style=\"font-family: var(--awb-text-font-family); font-size: var(--awb-font-size); font-style: var(--awb-text-font-style); letter-spacing: var(--awb-letter-spacing); text-align: var(--awb-content-alignment); text-transform: var(--awb-text-transform);\">10.<\/span><span style=\"font-family: var(--awb-text-font-family); font-size: var(--awb-font-size); font-style: var(--awb-text-font-style); letter-spacing: var(--awb-letter-spacing); text-align: var(--awb-content-alignment); text-transform: var(--awb-text-transform);\">Minghelli B. Musculoskeletal spine pain in adolescents: epidemiology of non-specific neck and low back pain and risk factors. J Orthop Sci 2020; 25: 776-80.<\/span><\/p>\n<p><span style=\"font-family: var(--awb-text-font-family); font-size: var(--awb-font-size); font-style: var(--awb-text-font-style); letter-spacing: var(--awb-letter-spacing); text-align: var(--awb-content-alignment); text-transform: var(--awb-text-transform);\">11.<\/span><span style=\"font-family: var(--awb-text-font-family); font-size: var(--awb-font-size); font-style: var(--awb-text-font-style); letter-spacing: var(--awb-letter-spacing); text-align: var(--awb-content-alignment); text-transform: var(--awb-text-transform);\">Meng W, Chan BW, Harris C, et al. A genome-wide association study finds genetic variants associated with neck or shoulder pain in UK biobank. Hum Mol Genet 2020; 29: 1396-404.<\/span><\/p>\n<p><span style=\"font-family: var(--awb-text-font-family); font-size: var(--awb-font-size); font-style: var(--awb-text-font-style); letter-spacing: var(--awb-letter-spacing); text-align: var(--awb-content-alignment); text-transform: var(--awb-text-transform);\">12.<\/span><span style=\"font-family: var(--awb-text-font-family); font-size: var(--awb-font-size); font-style: var(--awb-text-font-style); letter-spacing: var(--awb-letter-spacing); text-align: var(--awb-content-alignment); text-transform: var(--awb-text-transform);\">Kuo DT, Tadi P. Cervical Spondylosis. [Updated 2021 Sep 29]. In: StatPearls[Internet]. Treasure Island (FL): StatPearls Publishing; 2021. Available from:https:\/\/www.ncbi.nlm.nih.gov\/books\/NBK55 1557\/.<\/span><\/p>\n<p><span style=\"font-family: var(--awb-text-font-family); font-size: var(--awb-font-size); font-style: var(--awb-text-font-style); letter-spacing: var(--awb-letter-spacing); text-align: var(--awb-content-alignment); text-transform: var(--awb-text-transform);\">13.<\/span><span style=\"font-family: var(--awb-text-font-family); font-size: var(--awb-font-size); font-style: var(--awb-text-font-style); letter-spacing: var(--awb-letter-spacing); text-align: var(--awb-content-alignment); text-transform: var(--awb-text-transform);\">Hey HWD, Lim JXY, Ong JZ, Luo N. Epidemiology of neck pain and its impact on quality-of-life-a population-based, cross sectional study in Singapore. Spine 2021; 46: 1572-80.<\/span><\/p>\n<p><span style=\"font-family: var(--awb-text-font-family); font-size: var(--awb-font-size); font-style: var(--awb-text-font-style); letter-spacing: var(--awb-letter-spacing); text-align: var(--awb-content-alignment); text-transform: var(--awb-text-transform);\">14.<\/span><span style=\"font-family: var(--awb-text-font-family); font-size: var(--awb-font-size); font-style: var(--awb-text-font-style); letter-spacing: var(--awb-letter-spacing); text-align: var(--awb-content-alignment); text-transform: var(--awb-text-transform);\">Minghelli B. Musculoskeletal spine pain in adolescents: epidemiology of non-specific neck and low back pain and risk factors. J Orthop Sci 2020; 25: 776-80.<\/span><\/p>\n<\/p>\n<p>15.<span style=\"font-family: var(--awb-text-font-family); font-size: var(--awb-font-size); font-style: var(--awb-text-font-style); letter-spacing: var(--awb-letter-spacing); text-align: var(--awb-content-alignment); text-transform: var(--awb-text-transform);\">Kazeminasab S, Nejadghaderi SA, Amiri P, et al. Neck pain: global epidemiology, trends and risk factors. BMC Musculoskelet Disord 2022; 23: 26.<\/span><\/p>\n<\/p>\n<p>16.<span style=\"font-family: var(--awb-text-font-family); font-size: var(--awb-font-size); font-style: var(--awb-text-font-style); letter-spacing: var(--awb-letter-spacing); text-align: var(--awb-content-alignment); text-transform: var(--awb-text-transform);\">Murugan S, Saravanan P, Avaiya D, Bawa I, Shah C, Vaghasiya E. Prevalence and risk factors for musculoskeletal pain and coping strategies in school teachers. J Ecophysiol Occup Health 2021; 2021: 6.<\/span><\/p>\n<p><span style=\"font-family: var(--awb-text-font-family); font-size: var(--awb-font-size); font-style: var(--awb-text-font-style); letter-spacing: var(--awb-letter-spacing); text-align: var(--awb-content-alignment); text-transform: var(--awb-text-transform);\">17.<\/span><span style=\"font-family: var(--awb-text-font-family); font-size: var(--awb-font-size); font-style: var(--awb-text-font-style); letter-spacing: var(--awb-letter-spacing); text-align: var(--awb-content-alignment); text-transform: var(--awb-text-transform);\">Bobos P, MacDermid J, Nazari G, Furtado R. Psychometric properties of the global rating of change scales in patients with neck disorders: a systematic review with meta-analysis and meta-regression. BMJ Open 2019; 9: e033909.<\/span><\/p>\n<p><span style=\"font-family: var(--awb-text-font-family); font-size: var(--awb-font-size); font-style: var(--awb-text-font-style); letter-spacing: var(--awb-letter-spacing); text-align: var(--awb-content-alignment); text-transform: var(--awb-text-transform);\">18.<\/span><span style=\"font-family: var(--awb-text-font-family); font-size: var(--awb-font-size); font-style: var(--awb-text-font-style); letter-spacing: var(--awb-letter-spacing); text-align: var(--awb-content-alignment); text-transform: var(--awb-text-transform);\">Andias R, Silva AG. Psychosocial variables and sleep associated with neck pain in adolescents: a systematic review. Phys Occup Ther Pediatr 2020; 40: 168-91.<\/span><\/p>\n<p><span style=\"font-family: var(--awb-text-font-family); font-size: var(--awb-font-size); font-style: var(--awb-text-font-style); letter-spacing: var(--awb-letter-spacing); text-align: var(--awb-content-alignment); text-transform: var(--awb-text-transform);\">19.<\/span><span style=\"font-family: var(--awb-text-font-family); font-size: var(--awb-font-size); font-style: var(--awb-text-font-style); letter-spacing: var(--awb-letter-spacing); text-align: var(--awb-content-alignment); text-transform: var(--awb-text-transform);\">Hey HWD, Lim JXY, Ong JZ, Luo N. Epidemiology of neck pain and its impact on quality-of-life-a population-based, cross sectional study in Singapore. Spine 2021; 46: 1572-80.<\/span><\/p>\n<p><span style=\"font-family: var(--awb-text-font-family); font-size: var(--awb-font-size); font-style: var(--awb-text-font-style); letter-spacing: var(--awb-letter-spacing); text-align: var(--awb-content-alignment); text-transform: var(--awb-text-transform);\">20.<\/span><span style=\"font-family: var(--awb-text-font-family); font-size: var(--awb-font-size); font-style: var(--awb-text-font-style); letter-spacing: var(--awb-letter-spacing); text-align: var(--awb-content-alignment); text-transform: var(--awb-text-transform);\">James SL, Abate D, Abate KH, et al. GBD 2017 Disease and Injury Incidence and Prevalence Collaborators. Global, regional, and national incidence, prevalence, and years lived with disability for 354 diseases and injuries for 195 countries and territories,1990-2017: a systematic analysis for the Global Burden of Disease Study 2017. Lancet 2018; 392: 1789-858.<\/span><\/p><\/p>\n<\/div><div class=\"fusion-text fusion-text-2\"><\/div><\/div><\/div><\/div><\/div>","protected":false},"excerpt":{"rendered":"","protected":false},"author":1,"featured_media":0,"parent":0,"menu_order":0,"comment_status":"closed","ping_status":"closed","template":"","meta":{"footnotes":""},"class_list":["post-1189","page","type-page","status-publish","hentry"],"_links":{"self":[{"href":"https:\/\/fisioterapiaduepuntozero.it\/index.php?rest_route=\/wp\/v2\/pages\/1189","targetHints":{"allow":["GET"]}}],"collection":[{"href":"https:\/\/fisioterapiaduepuntozero.it\/index.php?rest_route=\/wp\/v2\/pages"}],"about":[{"href":"https:\/\/fisioterapiaduepuntozero.it\/index.php?rest_route=\/wp\/v2\/types\/page"}],"author":[{"embeddable":true,"href":"https:\/\/fisioterapiaduepuntozero.it\/index.php?rest_route=\/wp\/v2\/users\/1"}],"replies":[{"embeddable":true,"href":"https:\/\/fisioterapiaduepuntozero.it\/index.php?rest_route=%2Fwp%2Fv2%2Fcomments&post=1189"}],"version-history":[{"count":9,"href":"https:\/\/fisioterapiaduepuntozero.it\/index.php?rest_route=\/wp\/v2\/pages\/1189\/revisions"}],"predecessor-version":[{"id":1379,"href":"https:\/\/fisioterapiaduepuntozero.it\/index.php?rest_route=\/wp\/v2\/pages\/1189\/revisions\/1379"}],"wp:attachment":[{"href":"https:\/\/fisioterapiaduepuntozero.it\/index.php?rest_route=%2Fwp%2Fv2%2Fmedia&parent=1189"}],"curies":[{"name":"wp","href":"https:\/\/api.w.org\/{rel}","templated":true}]}}