{"id":1175,"date":"2024-02-03T16:41:23","date_gmt":"2024-02-03T16:41:23","guid":{"rendered":"https:\/\/fisioterapiaduepuntozero.it\/?page_id=1175"},"modified":"2025-09-22T09:33:28","modified_gmt":"2025-09-22T09:33:28","slug":"fisioterapia-cosa-e","status":"publish","type":"page","link":"https:\/\/fisioterapiaduepuntozero.it\/?page_id=1175","title":{"rendered":"Fisioterapia cosa \u00e8"},"content":{"rendered":"<p><div class=\"fusion-fullwidth fullwidth-box fusion-builder-row-1 fusion-flex-container has-pattern-background has-mask-background nonhundred-percent-fullwidth non-hundred-percent-height-scrolling\" style=\"--awb-border-radius-top-left:0px;--awb-border-radius-top-right:0px;--awb-border-radius-bottom-right:0px;--awb-border-radius-bottom-left:0px;--awb-background-color:rgba(7,5,7,0);--awb-flex-wrap:wrap;\" ><div class=\"fusion-builder-row fusion-row fusion-flex-align-items-flex-start fusion-flex-content-wrap\" style=\"max-width:1216.8px;margin-left: calc(-4% \/ 2 );margin-right: calc(-4% \/ 2 );\"><div class=\"fusion-layout-column fusion_builder_column fusion-builder-column-0 fusion_builder_column_1_1 1_1 fusion-flex-column\" style=\"--awb-bg-size:cover;--awb-width-large:100%;--awb-margin-top-large:0px;--awb-spacing-right-large:1.92%;--awb-margin-bottom-large:30px;--awb-spacing-left-large:1.92%;--awb-width-medium:100%;--awb-order-medium:0;--awb-spacing-right-medium:1.92%;--awb-spacing-left-medium:1.92%;--awb-width-small:100%;--awb-order-small:0;--awb-spacing-right-small:1.92%;--awb-spacing-left-small:1.92%;\"><div class=\"fusion-column-wrapper fusion-column-has-shadow fusion-flex-justify-content-flex-start fusion-content-layout-column\"><div class=\"fusion-video fusion-youtube\" style=\"--awb-max-width:600px;--awb-max-height:360px;\"><div class=\"video-shortcode\"><priv-fac-lite-youtube class=\"fusion-hidden lty-load\" data-privacy-type=\"youtube\" videoid=\"rbX4K7kZWvo\" class=\"landscape\" params=\"wmode=transparent&autoplay=1&amp;enablejsapi=1\" title=\"YouTube video player 1\" data-button-label=\"Play Video\" width=\"600\" height=\"360\" data-thumbnail-size=\"auto\" data-no-cookie=\"on\"><\/priv-fac-lite-youtube><div class=\"fusion-privacy-placeholder\" style=\"width:600px; height:360px;\" data-privacy-type=\"youtube\"><div class=\"fusion-privacy-placeholder-content\"><div class=\"fusion-privacy-label\">Per la tua privacy YouTube necessita di una tua approvazione prima di essere caricato. Per maggiori informazioni consulta la nostra <a class=\"privacy-policy-link\" href=\"https:\/\/fisioterapiaduepuntozero.it\/?page_id=3\" rel=\"privacy-policy\">Privacy Policy<\/a>.<\/div><button data-privacy-type=\"youtube\" class=\"fusion-button button-default fusion-button-default-size button fusion-privacy-consent\">Ho letto la Privacy Policy ed accetto<\/button><\/div><\/div><\/div><\/div><div class=\"fusion-text fusion-text-1\"><p><b>La trasmissione Muoversi x Starbene in cui do suggerimenti ed esercizi per le principali patologie in ambito fisioterapico<br \/><a href=\"https:\/\/fisioterapiaduepuntozero.it\/?page_id=1496\" target=\"_blank\" rel=\"noopener noreferrer\">LINK alla Pagina<\/a><\/b><\/p>\n<\/div><div class=\"fusion-video fusion-youtube\" style=\"--awb-max-width:600px;--awb-max-height:360px;\"><div class=\"video-shortcode\"><priv-fac-lite-youtube class=\"fusion-hidden lty-load\" data-privacy-type=\"youtube\" videoid=\"t7jnfBhazII\" class=\"landscape\" params=\"wmode=transparent&autoplay=1&amp;enablejsapi=1\" title=\"YouTube video player 2\" data-button-label=\"Play Video\" width=\"600\" height=\"360\" data-thumbnail-size=\"auto\" data-no-cookie=\"on\"><\/priv-fac-lite-youtube><div class=\"fusion-privacy-placeholder\" style=\"width:600px; height:360px;\" data-privacy-type=\"youtube\"><div class=\"fusion-privacy-placeholder-content\"><div class=\"fusion-privacy-label\">Per la tua privacy YouTube necessita di una tua approvazione prima di essere caricato. Per maggiori informazioni consulta la nostra <a class=\"privacy-policy-link\" href=\"https:\/\/fisioterapiaduepuntozero.it\/?page_id=3\" rel=\"privacy-policy\">Privacy Policy<\/a>.<\/div><button data-privacy-type=\"youtube\" class=\"fusion-button button-default fusion-button-default-size button fusion-privacy-consent\">Ho letto la Privacy Policy ed accetto<\/button><\/div><\/div><\/div><\/div><div class=\"fusion-text fusion-text-2\"><p>La mia intervista in qualit\u00e0 di responsabile del servizio di Fisioterapia in regime di solvenza presso la Clinica San Francesco a Bergamo. Su mandato della direzione mi sono occupato di avviare il servizio costruendo una piccola equipe di Fisioterapisti ad alta specializzazione per garantire un approccio di elevata qualit\u00e0. Attualmente ho lasciato l&#8217;incarico per dedicarmi alla comunicazione per la struttura e continuando la mia attivit\u00e0 professionale di fisioterapista in privato.<\/p>\n<\/div><\/div><\/div><\/div><\/div><div class=\"fusion-fullwidth fullwidth-box fusion-builder-row-2 fusion-flex-container nonhundred-percent-fullwidth non-hundred-percent-height-scrolling\" style=\"--awb-border-radius-top-left:0px;--awb-border-radius-top-right:0px;--awb-border-radius-bottom-right:0px;--awb-border-radius-bottom-left:0px;--awb-background-color:rgba(7,5,7,0);--awb-flex-wrap:wrap;\" ><div class=\"fusion-builder-row fusion-row fusion-flex-align-items-flex-start fusion-flex-content-wrap\" style=\"max-width:1216.8px;margin-left: calc(-4% \/ 2 );margin-right: calc(-4% \/ 2 );\"><div class=\"fusion-layout-column fusion_builder_column fusion-builder-column-1 fusion_builder_column_1_1 1_1 fusion-flex-column\" style=\"--awb-bg-blend:overlay;--awb-bg-size:cover;--awb-width-large:100%;--awb-margin-top-large:0px;--awb-spacing-right-large:1.92%;--awb-margin-bottom-large:0px;--awb-spacing-left-large:1.92%;--awb-width-medium:100%;--awb-spacing-right-medium:1.92%;--awb-spacing-left-medium:1.92%;--awb-width-small:100%;--awb-spacing-right-small:1.92%;--awb-spacing-left-small:1.92%;\"><div class=\"fusion-column-wrapper fusion-flex-justify-content-flex-start fusion-content-layout-column\"><div class=\"fusion-text fusion-text-3\"><\/p>\n<p class=\"wp-block-paragraph\">&nbsp;<\/p>\n<h3 style=\"font-family: Montserrat; color: #000000;\" data-fusion-font=\"true\" data-fusion-google-font=\"Montserrat\" data-fusion-google-variant=\"100\"><span style=\"font-size: var(--h3_typography-font-size); font-style: var(--h3_typography-font-style,normal); letter-spacing: var(--h3_typography-letter-spacing); text-align: var(--awb-content-alignment); text-transform: var(--h3_typography-text-transform); font-family: var(--awb-text-font-family); font-weight: var(--awb-text-font-weight);\">Che cos&#8217;\u00e8 il Concetto Maitland\u00ae (Terapia Manuale)<\/span><\/h3>\n<p style=\"font-family: Montserrat; font-weight: 100; color: #000000;\" data-fusion-font=\"true\" data-fusion-google-font=\"Montserrat\" data-fusion-google-variant=\"100\">Il Concetto Maitland\u00ae \u00e8 un approccio incentrato sulla persona che integra le migliori evidenze di ricerca della letteratura contemporanea, tecniche manuali competenti quando \u00e8 appropriato e possibile, programmi di esercizio mirati e accuratamente dosati e interventi educativi per ottimizzare i risultati del paziente.<\/p>\n<p><b>Cos&#8217;\u00e8 la Fisioterapia?<\/b><\/p>\n<p>(dal greco \u03a6\u03c5\u03c3\u03b9\u03bf = naturale e \u03b8\u03b5\u03c1\u03b1\u03c0\u03b5\u03af\u03b1 = terapia)<\/p>\n<p>E&#8217; una branca della medicina che si occupa della <span style=\"color: #7e8890;\">prevenzione<\/span>, cura e riabilitazione dei pazienti affetti da patologie o disfunzioni congenite o acquisite in ambito muscoloscheletrico, neurologico e viscerale attraverso molteplici interventi terapeutici, quali: terapia fisica, terapia manuale\/manipolativa, massoterapia, terapia posturale, chinesiterapia e altre. La fisioterapia \u00e8 praticata da operatori sanitari (fisioterapista) appartenenti alla classe delle professioni sanitarie della riabilitazione, che esercitano le proprie competenze con titolarit\u00e0 e autonomia professionale, in ambito libero professionale oppure in contesto di \u00e9quipe multidisciplinare insieme ad altre professioni sanitarie.[1]<\/p>\n<p><b>Obiettivi della Fisioterapia<\/b><\/p>\n<p>Principali <b>obiettivi <\/b>sono la <b>prevenzione<\/b>, <b>cura <\/b>e <b>riabilitazione <\/b>della <b>funzione motoria <\/b>in seguito ad un danno o menomazione di origine congenita o acquisita; concorre inoltre all\u2019educazione ed alla <b>promozione della salute<\/b> attraverso corretti stili di vita.<\/p>\n<p>Poniamo al centro della Nostra attenzione la <b>FUNZIONE<\/b>, la struttura ne sar\u00e0 al servizio, ad esempio in alcune patologie non sar\u00e0 possibile recuperare completamente la meccanica di un arto leso, pensiamo anche alla perdita di un arto, ma sar\u00e0 possible tornare ad una vita autonoma usando compensi, protesi, ortesi.<\/p>\n<ul>\n<li><span style=\"font-family: var(--awb-text-font-family); font-size: var(--awb-font-size); font-style: var(--awb-text-font-style); letter-spacing: var(--awb-letter-spacing); text-align: var(--awb-content-alignment); text-transform: var(--awb-text-transform);\">Ridurre o eliminare il <\/span><b style=\"font-family: var(--awb-text-font-family); font-size: var(--awb-font-size); font-style: var(--awb-text-font-style); letter-spacing: var(--awb-letter-spacing); text-align: var(--awb-content-alignment); text-transform: var(--awb-text-transform);\">dolore<\/b><\/li>\n<li><span style=\"font-family: var(--awb-text-font-family); font-size: var(--awb-font-size); font-style: var(--awb-text-font-style); letter-spacing: var(--awb-letter-spacing); text-align: var(--awb-content-alignment); text-transform: var(--awb-text-transform);\">Riequilibrare la <\/span><b style=\"font-family: var(--awb-text-font-family); font-size: var(--awb-font-size); font-style: var(--awb-text-font-style); letter-spacing: var(--awb-letter-spacing); text-align: var(--awb-content-alignment); text-transform: var(--awb-text-transform);\">funzione muscolare<\/b><span style=\"font-family: var(--awb-text-font-family); font-size: var(--awb-font-size); font-style: var(--awb-text-font-style); letter-spacing: var(--awb-letter-spacing); text-align: var(--awb-content-alignment); text-transform: var(--awb-text-transform);\"> : recupero della forza, coordinazione, timing di reclutamento, lunghezza, efficienza dei muscoli stabilizzatori versus mobilizzatori<\/span><\/li>\n<li><span style=\"font-family: var(--awb-text-font-family); font-size: var(--awb-font-size); font-style: var(--awb-text-font-style); letter-spacing: var(--awb-letter-spacing); text-align: var(--awb-content-alignment); text-transform: var(--awb-text-transform);\"><b>Funzionalit\u00e0 articolare<\/b> : recupero ROM (Range Of Motion, Raggio Di Movimeno), recupero propriocettivo (capacit\u00e0 di percezione della posizione e movimento della articolazione), favorire la salute della struttura cartilaginea.<\/span><\/li>\n<li><span style=\"font-family: var(--awb-text-font-family); font-size: var(--awb-font-size); font-style: var(--awb-text-font-style); letter-spacing: var(--awb-letter-spacing); text-align: var(--awb-content-alignment); text-transform: var(--awb-text-transform);\"><b>Funzionalit\u00e0 Sistema Nervoso<\/b> : recuperare la capacit\u00e0 meccanica di adattamento al movimento dei nervi somatici e cranici, favorire la normale fisiologia ed il flusso assono-plasmatico, favorire lo sprouting ed i compensi nelle neurolesioni, recupero o costruzione di schemi motori funzionali<\/span><\/li>\n<\/ul>\n<p><img decoding=\"async\" class=\"lazyload size-fusion-800 wp-image-1144 aligncenter\" src=\"https:\/\/fisioterapiaduepuntozero.it\/wp-content\/uploads\/2024\/01\/IMG_0716-800x600.jpg\" data-orig-src=\"https:\/\/fisioterapiaduepuntozero.it\/wp-content\/uploads\/2024\/01\/IMG_0716-800x600.jpg\" alt=\"\" width=\"800\" height=\"600\" srcset=\"data:image\/svg+xml,%3Csvg%20xmlns%3D%27http%3A%2F%2Fwww.w3.org%2F2000%2Fsvg%27%20width%3D%27800%27%20height%3D%27600%27%20viewBox%3D%270%200%20800%20600%27%3E%3Crect%20width%3D%27800%27%20height%3D%27600%27%20fill-opacity%3D%220%22%2F%3E%3C%2Fsvg%3E\" data-srcset=\"https:\/\/fisioterapiaduepuntozero.it\/wp-content\/uploads\/2024\/01\/IMG_0716-200x150.jpg 200w, https:\/\/fisioterapiaduepuntozero.it\/wp-content\/uploads\/2024\/01\/IMG_0716-300x225.jpg 300w, https:\/\/fisioterapiaduepuntozero.it\/wp-content\/uploads\/2024\/01\/IMG_0716-400x300.jpg 400w, https:\/\/fisioterapiaduepuntozero.it\/wp-content\/uploads\/2024\/01\/IMG_0716-600x450.jpg 600w, https:\/\/fisioterapiaduepuntozero.it\/wp-content\/uploads\/2024\/01\/IMG_0716-768x576.jpg 768w, https:\/\/fisioterapiaduepuntozero.it\/wp-content\/uploads\/2024\/01\/IMG_0716-800x600.jpg 800w, https:\/\/fisioterapiaduepuntozero.it\/wp-content\/uploads\/2024\/01\/IMG_0716-1024x768.jpg 1024w, https:\/\/fisioterapiaduepuntozero.it\/wp-content\/uploads\/2024\/01\/IMG_0716-1200x900.jpg 1200w, https:\/\/fisioterapiaduepuntozero.it\/wp-content\/uploads\/2024\/01\/IMG_0716-1536x1152.jpg 1536w\" data-sizes=\"auto\" data-orig-sizes=\"(max-width: 800px) 100vw, 800px\" \/><\/p>\n<p><b>Chi \u00e8 il Fisioterapista?<\/b><\/p>\n<p>\u00c8 l\u2019operatore sanitario, in possesso del diploma universitario o laurea di primo livello abilitante, che svolge in via autonoma, o in collaborazione con altre figure sanitarie, gli interventi di prevenzione, cura e riabilitazione nelle aree della motricit\u00e0, delle funzioni corticali superiori, e di quelle viscerali conseguenti a eventi patologici, a varia eziologia, congenita od acquisita.<\/p>\n<p>&#8211; In riferimento alla diagnosi ed alle prescrizioni del medico, nell\u2019ambito delle proprie competenze, il fisioterapista:<\/p>\n<ul>\n<li><span style=\"font-family: var(--awb-text-font-family); font-size: var(--awb-font-size); font-style: var(--awb-text-font-style); letter-spacing: var(--awb-letter-spacing); text-align: var(--awb-content-alignment); text-transform: var(--awb-text-transform);\">elabora, anche in \u00e9quipe multidisciplinare, la definizione del programma di riabilitazione volto all\u2019individuazione ed al superamento del bisogno di salute del disabile;<\/span><\/li>\n<li><span style=\"font-family: var(--awb-text-font-family); font-size: var(--awb-font-size); font-style: var(--awb-text-font-style); letter-spacing: var(--awb-letter-spacing); text-align: var(--awb-content-alignment); text-transform: var(--awb-text-transform);\">pratica autonomamente attivit\u00e0 terapeutica per la rieducazione funzionale delle disabilit\u00e0 motorie, psicomotorie e cognitive utilizzando terapie fisiche, manuali, massoterapiche e occupazionali;<\/span><\/li>\n<li><span style=\"font-family: var(--awb-text-font-family); font-size: var(--awb-font-size); font-style: var(--awb-text-font-style); letter-spacing: var(--awb-letter-spacing); text-align: var(--awb-content-alignment); text-transform: var(--awb-text-transform);\">propone l\u2019adozione di protesi ed ausili, ne addestra all\u2019uso e ne verifica l\u2019efficacia;<\/span><\/li>\n<li><span style=\"font-family: var(--awb-text-font-family); font-size: var(--awb-font-size); font-style: var(--awb-text-font-style); letter-spacing: var(--awb-letter-spacing); text-align: var(--awb-content-alignment); text-transform: var(--awb-text-transform);\">verifica le rispondenze della metodologia riabilitativa attuata agli obiettivi di recupero funzionale.<\/span><\/li>\n<li><span style=\"font-family: var(--awb-text-font-family); font-size: var(--awb-font-size); font-style: var(--awb-text-font-style); letter-spacing: var(--awb-letter-spacing); text-align: var(--awb-content-alignment); text-transform: var(--awb-text-transform);\">Svolge attivit\u00e0 di studio, didattica e consulenza professionale, nei servizi sanitari ed in quelli dove si richiedono le sue competenze professionali;<\/span><\/li>\n<\/ul>\n<p><span style=\"font-family: var(--awb-text-font-family); font-size: var(--awb-font-size); font-style: var(--awb-text-font-style); letter-spacing: var(--awb-letter-spacing); text-align: var(--awb-content-alignment); text-transform: var(--awb-text-transform);\">Il fisioterapista, attraverso la formazione complementare, integra la formazione di base con indirizzi di specializzazione nel settore della psicomotricit\u00e0 e della terapia occupazionale:<\/span><\/p>\n<ul>\n<li><span style=\"font-family: var(--awb-text-font-family); font-size: var(--awb-font-size); font-style: var(--awb-text-font-style); letter-spacing: var(--awb-letter-spacing); text-align: var(--awb-content-alignment); text-transform: var(--awb-text-transform);\">la specializzazione in psicomotricit\u00e0 consente al fisioterapista di svolgere anche l\u2019assistenza riabilitativa sia psichica che fisica di soggetti in et\u00e0 evolutiva con deficit neurosensoriale o psichico;<\/span><\/li>\n<li><span style=\"font-family: var(--awb-text-font-family); font-size: var(--awb-font-size); font-style: var(--awb-text-font-style); letter-spacing: var(--awb-letter-spacing); text-align: var(--awb-content-alignment); text-transform: var(--awb-text-transform);\">la specializzazione in terapia occupazionale consente al fisioterapista di operare anche nella traduzione funzionale della motricit\u00e0 residua, al fine dello sviluppo di compensi funzionali alla disabilit\u00e0, con particolare riguardo all\u2019addestramento per conseguire l\u2019autonomia nella vita quotidiana, di relazione (studio-lavoro-tempo libero), anche ai fini dell\u2019utilizzo di vari tipi di ausili in dotazione alla persona o all\u2019ambiente. [2]<\/span><\/li>\n<\/ul>\n<\/div><\/div><\/div><\/div><\/div><\/p>","protected":false},"excerpt":{"rendered":"","protected":false},"author":1,"featured_media":0,"parent":0,"menu_order":0,"comment_status":"closed","ping_status":"closed","template":"","meta":{"footnotes":""},"class_list":["post-1175","page","type-page","status-publish","hentry"],"_links":{"self":[{"href":"https:\/\/fisioterapiaduepuntozero.it\/index.php?rest_route=\/wp\/v2\/pages\/1175","targetHints":{"allow":["GET"]}}],"collection":[{"href":"https:\/\/fisioterapiaduepuntozero.it\/index.php?rest_route=\/wp\/v2\/pages"}],"about":[{"href":"https:\/\/fisioterapiaduepuntozero.it\/index.php?rest_route=\/wp\/v2\/types\/page"}],"author":[{"embeddable":true,"href":"https:\/\/fisioterapiaduepuntozero.it\/index.php?rest_route=\/wp\/v2\/users\/1"}],"replies":[{"embeddable":true,"href":"https:\/\/fisioterapiaduepuntozero.it\/index.php?rest_route=%2Fwp%2Fv2%2Fcomments&post=1175"}],"version-history":[{"count":13,"href":"https:\/\/fisioterapiaduepuntozero.it\/index.php?rest_route=\/wp\/v2\/pages\/1175\/revisions"}],"predecessor-version":[{"id":1572,"href":"https:\/\/fisioterapiaduepuntozero.it\/index.php?rest_route=\/wp\/v2\/pages\/1175\/revisions\/1572"}],"wp:attachment":[{"href":"https:\/\/fisioterapiaduepuntozero.it\/index.php?rest_route=%2Fwp%2Fv2%2Fmedia&parent=1175"}],"curies":[{"name":"wp","href":"https:\/\/api.w.org\/{rel}","templated":true}]}}